{"id":26,"date":"2025-07-25T18:57:22","date_gmt":"2025-07-25T18:57:22","guid":{"rendered":"https:\/\/fundacion-labuenasemilla.org\/?page_id=26"},"modified":"2025-08-05T19:22:35","modified_gmt":"2025-08-05T19:22:35","slug":"quienes-somos","status":"publish","type":"page","link":"https:\/\/fundacion-labuenasemilla.org\/index.php\/quienes-somos\/","title":{"rendered":"\u00bfQuienes somos?"},"content":{"rendered":"\n<div class=\"wp-block-columns is-layout-flex wp-container-core-columns-is-layout-9d6595d7 wp-block-columns-is-layout-flex\">\n<div class=\"wp-block-column is-layout-flow wp-block-column-is-layout-flow\">\n<h2 class=\"wp-block-heading has-text-align-center\"><strong>Misi\u00f3n<\/strong><\/h2>\n\n\n\n<p class=\"has-text-align-center\"><strong>Nuestra misi\u00f3n es: Realizar obra social dentro de la sociedad rural y urbana de manera integral y estar orientado a trabajar con ni\u00f1as, ni\u00f1os, adolescentes y j\u00f3venes de escasos recursos econ\u00f3micos.<\/strong><\/p>\n\n\n\n<p>Somos defensores de los ni\u00f1os y j\u00f3venes para liberarlos de la pobreza, econ\u00f3mica, social, f\u00edsica y espiritual, para que ellos sean adultos responsables y realizados. Apoyamos en educaci\u00f3n, capacitaci\u00f3n t\u00e9cnica, seguridad alimentaria y revisi\u00f3n m\u00e9dica.<\/p>\n<\/div>\n\n\n\n<div class=\"wp-block-column is-layout-flow wp-block-column-is-layout-flow\">\n<h2 class=\"wp-block-heading has-text-align-center\"><strong>Visi\u00f3n<\/strong><\/h2>\n\n\n\n<p class=\"has-text-align-center\"><strong>La Fundaci\u00f3n tiene la visi\u00f3n de: Ser una Fundaci\u00f3n comprometida y reconocida por toda la sociedad, con proyectos y programas de calidad, centrados en las ni\u00f1as, ni\u00f1os, adolescentes y j\u00f3venes de escasos recursos del departamento de La Paz.<\/strong><\/p>\n\n\n\n<p>La Fundaci\u00f3n La Buena Semilla es una instituci\u00f3n sin fines de lucro que sembramos la igualdad de oportunidades en educaci\u00f3n, salud y desarrollo econ\u00f3mico en nuestros barrios y comunidades.<\/p>\n<\/div>\n<\/div>\n\n\n\n<h2 class=\"wp-block-heading has-text-align-center\"><strong>Objetivos<\/strong><\/h2>\n\n\n\n<h2 class=\"wp-block-heading\"><strong>Objetivo general<\/strong><\/h2>\n\n\n\n<p><strong>La Fundaci\u00f3n tiene por objetivo general, promover el desarrollo integral de las ni\u00f1as, ni\u00f1os, adolescentes y j\u00f3venes de escasos recursos econ\u00f3micos, pertenecientes a las comunidades del Departamento de La Paz; desarrollando, estableciendo, implementando y ejecutando programas y proyectos dirigidos al mejoramiento de la calidad de vida de las ni\u00f1as, ni\u00f1os, adolescentes y j\u00f3venes, mediante los cuales se genere condiciones de dignidad, equidad, justicia, y desarrollo integral en lo f\u00edsico, moral, espiritual, emocional y social; fortaleciendo con sus actividades la formaci\u00f3n de l\u00edderes en comuni\u00f3n plena con valores y principios para vivir bien.<\/strong><\/p>\n\n\n\n<p><strong>&nbsp;<\/strong><\/p>\n\n\n\n<h2 class=\"wp-block-heading\"><strong>Objetivo Espec\u00edficos<\/strong><\/h2>\n\n\n\n<ul class=\"wp-block-list\">\n<li><strong>Establecer, implementar y desarrollar programas y proyectos de desarrollo integral gratuitos, con atenci\u00f3n todo el d\u00eda, como centros de d\u00eda que brinden apoyo escolar a ni\u00f1as, ni\u00f1os, adolescentes y j\u00f3venes de escasos recursos econ\u00f3micos; brind\u00e1ndoles alternativas alimentarias, meriendas con calidad nutritiva e higiene, apoyando en cuanto a las necesidades acad\u00e9micas o socioeducativas en su tiempo libre.<\/strong><\/li>\n\n\n\n<li><strong>Establecer y desarrollar proyectos y programas dedicados a implementar comedores populares comunitarios, para las ni\u00f1as, ni\u00f1os, adolescentes y j\u00f3venes de escasos recursos econ\u00f3micos, sin distinci\u00f3n de credo, raza, edad, sexo, ideolog\u00eda y cultura, permiti\u00e9ndoles acceder a desayunos y almuerzos nutritivos y balanceados algunos d\u00edas de la semana, en un ambiente confortable e higi\u00e9nico combatiendo de esta forma la desnutrici\u00f3n.<\/strong><\/li>\n\n\n\n<li><strong>Ejecutar proyectos y actividades preventivas y correctivas de salud en favor de las ni\u00f1as, ni\u00f1os, adolescentes y j\u00f3venes de escasos recursos econ\u00f3micos, como vacunas, dotaci\u00f3n de medicamentos, u otros siempre con el apoyo y bajo la supervisi\u00f3n y\/o autorizaci\u00f3n de las instituciones p\u00fablicas del \u00e1rea de salud, mediante convenios, programas u otros proyectos.<\/strong> <\/li>\n\n\n\n<li><strong>Crear condiciones para el desarrollo integral de madres adolescentes y\/o j\u00f3venes de escasos recursos econ\u00f3micos, proporcion\u00e1ndoles oportunidades para su formaci\u00f3n complementaria o superior, mediante la suscripci\u00f3n de convenios con instituciones p\u00fablicas o privadas del \u00e1rea, para fortalecer el binomio madre\/hijo.<\/strong><\/li>\n\n\n\n<li><strong>Mejorar las condiciones de habitabilidad en su comunidad o regi\u00f3n, mediante la realizaci\u00f3n de actividades familiares y recreativas como campamentos y excursiones, siempre bajo la supervisi\u00f3n de profesionales del \u00e1rea.<\/strong><\/li>\n\n\n\n<li><strong>Canalizar recursos humanos y econ\u00f3micos, promoviendo actividades de patrocinio en poblaciones menos favorecidas del departamento, para el fortalecimiento de los programas y proyectos de la Fundaci\u00f3n.<\/strong><\/li>\n\n\n\n<li><strong>Coordinar esfuerzos con otros organismos p\u00fablicos y privados afines, para el cumplimiento de los objetivos y fines de la Fundaci\u00f3n<\/strong><\/li>\n\n\n\n<li><strong>Ejecutar proyectos de auto-sostenibilidad, que permitan&nbsp; a la Fundaci\u00f3n, contar con los recursos necesarios para su desenvolvimiento<\/strong><\/li>\n<\/ul>\n\n\n\n<h2 class=\"wp-block-heading\"><strong>Alcance de sus actividades<\/strong><\/h2>\n\n\n\n<p><strong>El alcance de sus actividades est\u00e1 orientado a la construcci\u00f3n de una sociedad Plurinacional para el Vivir Bien, a trav\u00e9s de un servicio social a la poblacional del Departamento de La Paz, con atenci\u00f3n a ni\u00f1as, ni\u00f1os, adolescentes y j\u00f3venes, que permita el desarrollo y formaci\u00f3n de l\u00edderes sin discriminaci\u00f3n de credo, raza, edad, sexo, ideolog\u00eda, cultura; a trav\u00e9s de la promoci\u00f3n y la ejecuci\u00f3n de programas y proyectos de asistencia social y beneficencia de inter\u00e9s general realizando sus actividades en el marco del objetivo y fines de la Fundaci\u00f3n.<\/strong><\/p>\n\n\n\n<h2 class=\"wp-block-heading\"><strong>Principios<\/strong><\/h2>\n\n\n\n<ul class=\"wp-block-list\">\n<li>Interculturalidad<\/li>\n\n\n\n<li>Igualdad<\/li>\n\n\n\n<li>Equidad<\/li>\n\n\n\n<li>Protecci\u00f3n<\/li>\n\n\n\n<li><strong><em>Principios establecidos en la Ley 348<\/em><\/strong><\/li>\n\n\n\n<li>Vivir bien<\/li>\n\n\n\n<li>Igualdad<\/li>\n\n\n\n<li>Inclusi\u00f3n<\/li>\n\n\n\n<li>Trato digno<\/li>\n\n\n\n<li>Complementariedad<\/li>\n\n\n\n<li>Armon\u00eda<\/li>\n\n\n\n<li>Igualdad de oportunidades<\/li>\n\n\n\n<li>Equidad social<\/li>\n\n\n\n<li>Equidad de g\u00e9nero<\/li>\n\n\n\n<li>Cultura de Paz<\/li>\n\n\n\n<li>Informalidad<\/li>\n\n\n\n<li>Despatriarcalizaci\u00f3n<\/li>\n\n\n\n<li>Atenci\u00f3n Diferenciada<\/li>\n\n\n\n<li>Especialidad<\/li>\n\n\n\n<li><strong><em>Y otros<\/em><\/strong><\/li>\n\n\n\n<li>Igualdad<\/li>\n\n\n\n<li>Honestidad<\/li>\n\n\n\n<li>Transparencia<\/li>\n\n\n\n<li>Mayordom\u00eda<\/li>\n\n\n\n<li>La vida humana es sagrada<\/li>\n\n\n\n<li>Integridad<\/li>\n\n\n\n<li>Respeto<\/li>\n\n\n\n<li>Excelencia<\/li>\n\n\n\n<li>Compromiso<\/li>\n\n\n\n<li>Disciplina<\/li>\n\n\n\n<li>Trabajo en equipo<\/li>\n\n\n\n<li>Cultura de Paz<\/li>\n\n\n\n<li>Justicia<\/li>\n\n\n\n<li>Solidaridad<\/li>\n\n\n\n<li>Responsabilidad social<\/li>\n<\/ul>\n\n\n\n<h2 class=\"wp-block-heading\"><strong>Valores Institucionales<\/strong><\/h2>\n\n\n\n<ul class=\"wp-block-list\">\n<li><strong>Compromiso<\/strong><\/li>\n\n\n\n<li><strong>Enfoque Hol\u00edstico<\/strong><\/li>\n\n\n\n<li><strong>Esperanza<\/strong><\/li>\n\n\n\n<li><strong>Compasi\u00f3n<\/strong><\/li>\n\n\n\n<li><strong>Excelencia<\/strong><\/li>\n\n\n\n<li><strong>Innovaci\u00f3n<\/strong><\/li>\n\n\n\n<li><strong>Integridad<\/strong><\/li>\n\n\n\n<li><strong>Pasi\u00f3n<\/strong><\/li>\n\n\n\n<li><strong>Servicio<\/strong><\/li>\n\n\n\n<li><strong>Humildad<\/strong><\/li>\n<\/ul>\n\n\n\n<p><\/p>\n","protected":false},"excerpt":{"rendered":"<p>Misi\u00f3n Nuestra misi\u00f3n es: Realizar obra social dentro de la sociedad rural y urbana de manera integral y estar orientado a trabajar con ni\u00f1as, ni\u00f1os, adolescentes y j\u00f3venes de escasos&hellip;<\/p>\n","protected":false},"author":1,"featured_media":0,"parent":0,"menu_order":0,"comment_status":"closed","ping_status":"closed","template":"","meta":{"footnotes":""},"class_list":["post-26","page","type-page","status-publish","hentry"],"_links":{"self":[{"href":"https:\/\/fundacion-labuenasemilla.org\/index.php\/wp-json\/wp\/v2\/pages\/26","targetHints":{"allow":["GET"]}}],"collection":[{"href":"https:\/\/fundacion-labuenasemilla.org\/index.php\/wp-json\/wp\/v2\/pages"}],"about":[{"href":"https:\/\/fundacion-labuenasemilla.org\/index.php\/wp-json\/wp\/v2\/types\/page"}],"author":[{"embeddable":true,"href":"https:\/\/fundacion-labuenasemilla.org\/index.php\/wp-json\/wp\/v2\/users\/1"}],"replies":[{"embeddable":true,"href":"https:\/\/fundacion-labuenasemilla.org\/index.php\/wp-json\/wp\/v2\/comments?post=26"}],"version-history":[{"count":7,"href":"https:\/\/fundacion-labuenasemilla.org\/index.php\/wp-json\/wp\/v2\/pages\/26\/revisions"}],"predecessor-version":[{"id":259,"href":"https:\/\/fundacion-labuenasemilla.org\/index.php\/wp-json\/wp\/v2\/pages\/26\/revisions\/259"}],"wp:attachment":[{"href":"https:\/\/fundacion-labuenasemilla.org\/index.php\/wp-json\/wp\/v2\/media?parent=26"}],"curies":[{"name":"wp","href":"https:\/\/api.w.org\/{rel}","templated":true}]}}